{"id":50098,"date":"2026-09-06T07:43:33","date_gmt":"2026-09-06T07:43:33","guid":{"rendered":"https:\/\/scoutmallorca.com\/properties\/hangresidenz-mit-spektakulaerem-panoramablick\/"},"modified":"2026-09-06T07:43:34","modified_gmt":"2026-09-06T07:43:34","slug":"hangresidenz-mit-spektakulaerem-panoramablick","status":"publish","type":"properties","link":"https:\/\/scoutmallorca.com\/de\/properties\/hangresidenz-mit-spektakulaerem-panoramablick\/","title":{"rendered":"Hangresidenz mit spektakul\u00e4rem Panoramablick"},"content":{"rendered":"\n<p class=\"wp-block-paragraph\">Von der Zufahrt aus angenehm zur\u00fcckhaltend, entfaltet diese au\u00dfergew\u00f6hnliche Hangresidenz insbesondere auf den tiefer gelegenen Ebenen ihre beeindruckende Wirkung. Die Architektur wurde pr\u00e4zise an die Landschaft angepasst und so konzipiert, dass sie Teil ihrer nat\u00fcrlichen Umgebung wird, anstatt diese zu dominieren.<\/p>\n\n<p class=\"wp-block-paragraph\">Die Bauk\u00f6rper folgen dem nat\u00fcrlichen Gef\u00e4lle des Grundst\u00fccks und bilden eine Reihe elegant gestaffelter Ebenen, die sich harmonisch \u00fcber den Hang erstrecken. Gro\u00dfz\u00fcgige, auskragende Terrassen \u00f6ffnen sich zu den weitreichenden Blickachsen \u00fcber die K\u00fcste, w\u00e4hrend begr\u00fcnte Dachfl\u00e4chen die klaren architektonischen Linien auflockern und die Verbindung zwischen Villa und Landschaft zus\u00e4tzlich betonen. <\/p>\n\n<p class=\"wp-block-paragraph\">Auf drei Ebenen bietet die Residenz f\u00fcnf stilvolle Suiten sowie gro\u00dfz\u00fcgig proportionierte Wohnbereiche, die konsequent auf Tageslicht, Privatsph\u00e4re und den uneingeschr\u00e4nkten Panoramablick ausgerichtet sind. Nat\u00fcrliche Bel\u00fcftung, integrierte Verschattungselemente und ein strategisch positionierter Swimmingpool unterstreichen das durchdachte Indoor-Outdoor-Wohnkonzept. <\/p>\n\n<p class=\"wp-block-paragraph\">Das Ergebnis ist ein zeitgen\u00f6ssisches Zuhause mit einer bewusst zur\u00fcckhaltenden architektonischen Pr\u00e4senz \u2013 eine besondere Verbindung aus Privatsph\u00e4re, anspruchsvollem Design und mediterraner Lebensqualit\u00e4t, geschaffen f\u00fcr Menschen, die dezente Eleganz, pr\u00e4zise Architektur und erstklassige handwerkliche Ausf\u00fchrung zu sch\u00e4tzen wissen.<\/p>\n","protected":false},"template":"","meta":{"site-sidebar-layout":"default","site-content-layout":"","ast-site-content-layout":"default","site-content-style":"default","site-sidebar-style":"default","ast-global-header-display":"","ast-banner-title-visibility":"","ast-main-header-display":"","ast-hfb-above-header-display":"","ast-hfb-below-header-display":"","ast-hfb-mobile-header-display":"","site-post-title":"","ast-breadcrumbs-content":"","ast-featured-img":"","footer-sml-layout":"","ast-disable-related-posts":"","theme-transparent-header-meta":"","adv-header-id-meta":"","stick-header-meta":"","header-above-stick-meta":"","header-main-stick-meta":"","header-below-stick-meta":"","astra-migrate-meta-layouts":"default","ast-page-background-enabled":"default","ast-page-background-meta":{"desktop":{"background-color":"","background-image":"","background-repeat":"repeat","background-position":"center center","background-size":"auto","background-attachment":"scroll","background-type":"","background-media":"","overlay-type":"","overlay-color":"","overlay-opacity":"","overlay-gradient":""},"tablet":{"background-color":"","background-image":"","background-repeat":"repeat","background-position":"center center","background-size":"auto","background-attachment":"scroll","background-type":"","background-media":"","overlay-type":"","overlay-color":"","overlay-opacity":"","overlay-gradient":""},"mobile":{"background-color":"","background-image":"","background-repeat":"repeat","background-position":"center center","background-size":"auto","background-attachment":"scroll","background-type":"","background-media":"","overlay-type":"","overlay-color":"","overlay-opacity":"","overlay-gradient":""}},"ast-content-background-meta":{"desktop":{"background-color":"var(--ast-global-color-5)","background-image":"","background-repeat":"repeat","background-position":"center center","background-size":"auto","background-attachment":"scroll","background-type":"","background-media":"","overlay-type":"","overlay-color":"","overlay-opacity":"","overlay-gradient":""},"tablet":{"background-color":"var(--ast-global-color-5)","background-image":"","background-repeat":"repeat","background-position":"center center","background-size":"auto","background-attachment":"scroll","background-type":"","background-media":"","overlay-type":"","overlay-color":"","overlay-opacity":"","overlay-gradient":""},"mobile":{"background-color":"var(--ast-global-color-5)","background-image":"","background-repeat":"repeat","background-position":"center center","background-size":"auto","background-attachment":"scroll","background-type":"","background-media":"","overlay-type":"","overlay-color":"","overlay-opacity":"","overlay-gradient":""}}},"property-filters":[289],"property-type":[318,320],"class_list":["post-50098","properties","type-properties","status-publish","hentry","property-filters-seaview-de","property-type-investment-de","property-type-villa-de"],"yoast_head":"<!-- This site is optimized with the Yoast SEO plugin v27.1.1 - https:\/\/yoast.com\/product\/yoast-seo-wordpress\/ -->\n<title>Hangresidenz mit spektakul\u00e4rem Panoramablick - Scout Mallorca<\/title>\n<meta name=\"robots\" content=\"index, follow, max-snippet:-1, max-image-preview:large, max-video-preview:-1\" \/>\n<link rel=\"canonical\" href=\"https:\/\/scoutmallorca.com\/de\/properties\/hangresidenz-mit-spektakulaerem-panoramablick\/\" \/>\n<meta property=\"og:locale\" content=\"de_DE\" \/>\n<meta property=\"og:type\" content=\"article\" \/>\n<meta property=\"og:title\" content=\"Hangresidenz mit spektakul\u00e4rem Panoramablick - Scout Mallorca\" \/>\n<meta property=\"og:description\" content=\"Von der Zufahrt aus angenehm zur\u00fcckhaltend, entfaltet diese au\u00dfergew\u00f6hnliche Hangresidenz insbesondere auf den tiefer gelegenen Ebenen ihre beeindruckende Wirkung. Die Architektur wurde pr\u00e4zise an die Landschaft angepasst und so konzipiert, dass sie Teil ihrer nat\u00fcrlichen Umgebung wird, anstatt diese zu dominieren. Die Bauk\u00f6rper folgen dem nat\u00fcrlichen Gef\u00e4lle des Grundst\u00fccks und bilden eine Reihe elegant gestaffelter [&hellip;]\" \/>\n<meta property=\"og:url\" content=\"https:\/\/scoutmallorca.com\/de\/properties\/hangresidenz-mit-spektakulaerem-panoramablick\/\" \/>\n<meta property=\"og:site_name\" content=\"Scout Mallorca\" \/>\n<meta property=\"article:modified_time\" content=\"2026-09-06T07:43:34+00:00\" \/>\n<meta name=\"twitter:card\" content=\"summary_large_image\" \/>\n<meta name=\"twitter:label1\" content=\"Gesch\u00e4tzte Lesezeit\" \/>\n\t<meta name=\"twitter:data1\" content=\"1\u00a0Minute\" \/>\n<script type=\"application\/ld+json\" class=\"yoast-schema-graph\">{\"@context\":\"https:\/\/schema.org\",\"@graph\":[{\"@type\":[\"WebPage\",\"RealEstateListing\"],\"@id\":\"https:\/\/scoutmallorca.com\/de\/properties\/hangresidenz-mit-spektakulaerem-panoramablick\/\",\"url\":\"https:\/\/scoutmallorca.com\/de\/properties\/hangresidenz-mit-spektakulaerem-panoramablick\/\",\"name\":\"Hangresidenz mit spektakul\u00e4rem Panoramablick - Scout Mallorca\",\"isPartOf\":{\"@id\":\"https:\/\/scoutmallorca.com\/de\/#website\"},\"datePublished\":\"2026-09-06T07:43:33+00:00\",\"dateModified\":\"2026-09-06T07:43:34+00:00\",\"breadcrumb\":{\"@id\":\"https:\/\/scoutmallorca.com\/de\/properties\/hangresidenz-mit-spektakulaerem-panoramablick\/#breadcrumb\"},\"inLanguage\":\"de\",\"potentialAction\":[{\"@type\":\"ReadAction\",\"target\":[\"https:\/\/scoutmallorca.com\/de\/properties\/hangresidenz-mit-spektakulaerem-panoramablick\/\"]}]},{\"@type\":\"BreadcrumbList\",\"@id\":\"https:\/\/scoutmallorca.com\/de\/properties\/hangresidenz-mit-spektakulaerem-panoramablick\/#breadcrumb\",\"itemListElement\":[{\"@type\":\"ListItem\",\"position\":1,\"name\":\"Home\",\"item\":\"https:\/\/scoutmallorca.com\/de\/home\/\"},{\"@type\":\"ListItem\",\"position\":2,\"name\":\"Properties\",\"item\":\"https:\/\/scoutmallorca.com\/de\/properties\/\"},{\"@type\":\"ListItem\",\"position\":3,\"name\":\"Hangresidenz mit spektakul\u00e4rem Panoramablick\"}]},{\"@type\":\"WebSite\",\"@id\":\"https:\/\/scoutmallorca.com\/de\/#website\",\"url\":\"https:\/\/scoutmallorca.com\/de\/\",\"name\":\"Scout Mallorca\",\"description\":\"Just another WordPress site\",\"publisher\":{\"@id\":\"https:\/\/scoutmallorca.com\/de\/#organization\"},\"potentialAction\":[{\"@type\":\"SearchAction\",\"target\":{\"@type\":\"EntryPoint\",\"urlTemplate\":\"https:\/\/scoutmallorca.com\/de\/?s={search_term_string}\"},\"query-input\":{\"@type\":\"PropertyValueSpecification\",\"valueRequired\":true,\"valueName\":\"search_term_string\"}}],\"inLanguage\":\"de\"},{\"@type\":\"Organization\",\"@id\":\"https:\/\/scoutmallorca.com\/de\/#organization\",\"name\":\"Scout Mallorca\",\"url\":\"https:\/\/scoutmallorca.com\/de\/\",\"logo\":{\"@type\":\"ImageObject\",\"inLanguage\":\"de\",\"@id\":\"https:\/\/scoutmallorca.com\/de\/#\/schema\/logo\/image\/\",\"url\":\"https:\/\/scoutmallorca.com\/wp-content\/uploads\/2020\/09\/cropped-LOGO-BACKGROUND.png\",\"contentUrl\":\"https:\/\/scoutmallorca.com\/wp-content\/uploads\/2020\/09\/cropped-LOGO-BACKGROUND.png\",\"width\":2337,\"height\":1247,\"caption\":\"Scout Mallorca\"},\"image\":{\"@id\":\"https:\/\/scoutmallorca.com\/de\/#\/schema\/logo\/image\/\"}}]}<\/script>\n<!-- \/ Yoast SEO plugin. -->","yoast_head_json":{"title":"Hangresidenz mit spektakul\u00e4rem Panoramablick - Scout Mallorca","robots":{"index":"index","follow":"follow","max-snippet":"max-snippet:-1","max-image-preview":"max-image-preview:large","max-video-preview":"max-video-preview:-1"},"canonical":"https:\/\/scoutmallorca.com\/de\/properties\/hangresidenz-mit-spektakulaerem-panoramablick\/","og_locale":"de_DE","og_type":"article","og_title":"Hangresidenz mit spektakul\u00e4rem Panoramablick - Scout Mallorca","og_description":"Von der Zufahrt aus angenehm zur\u00fcckhaltend, entfaltet diese au\u00dfergew\u00f6hnliche Hangresidenz insbesondere auf den tiefer gelegenen Ebenen ihre beeindruckende Wirkung. Die Architektur wurde pr\u00e4zise an die Landschaft angepasst und so konzipiert, dass sie Teil ihrer nat\u00fcrlichen Umgebung wird, anstatt diese zu dominieren. Die Bauk\u00f6rper folgen dem nat\u00fcrlichen Gef\u00e4lle des Grundst\u00fccks und bilden eine Reihe elegant gestaffelter [&hellip;]","og_url":"https:\/\/scoutmallorca.com\/de\/properties\/hangresidenz-mit-spektakulaerem-panoramablick\/","og_site_name":"Scout Mallorca","article_modified_time":"2026-09-06T07:43:34+00:00","twitter_card":"summary_large_image","twitter_misc":{"Gesch\u00e4tzte Lesezeit":"1\u00a0Minute"},"schema":{"@context":"https:\/\/schema.org","@graph":[{"@type":["WebPage","RealEstateListing"],"@id":"https:\/\/scoutmallorca.com\/de\/properties\/hangresidenz-mit-spektakulaerem-panoramablick\/","url":"https:\/\/scoutmallorca.com\/de\/properties\/hangresidenz-mit-spektakulaerem-panoramablick\/","name":"Hangresidenz mit spektakul\u00e4rem Panoramablick - Scout Mallorca","isPartOf":{"@id":"https:\/\/scoutmallorca.com\/de\/#website"},"datePublished":"2026-09-06T07:43:33+00:00","dateModified":"2026-09-06T07:43:34+00:00","breadcrumb":{"@id":"https:\/\/scoutmallorca.com\/de\/properties\/hangresidenz-mit-spektakulaerem-panoramablick\/#breadcrumb"},"inLanguage":"de","potentialAction":[{"@type":"ReadAction","target":["https:\/\/scoutmallorca.com\/de\/properties\/hangresidenz-mit-spektakulaerem-panoramablick\/"]}]},{"@type":"BreadcrumbList","@id":"https:\/\/scoutmallorca.com\/de\/properties\/hangresidenz-mit-spektakulaerem-panoramablick\/#breadcrumb","itemListElement":[{"@type":"ListItem","position":1,"name":"Home","item":"https:\/\/scoutmallorca.com\/de\/home\/"},{"@type":"ListItem","position":2,"name":"Properties","item":"https:\/\/scoutmallorca.com\/de\/properties\/"},{"@type":"ListItem","position":3,"name":"Hangresidenz mit spektakul\u00e4rem Panoramablick"}]},{"@type":"WebSite","@id":"https:\/\/scoutmallorca.com\/de\/#website","url":"https:\/\/scoutmallorca.com\/de\/","name":"Scout Mallorca","description":"Just another WordPress site","publisher":{"@id":"https:\/\/scoutmallorca.com\/de\/#organization"},"potentialAction":[{"@type":"SearchAction","target":{"@type":"EntryPoint","urlTemplate":"https:\/\/scoutmallorca.com\/de\/?s={search_term_string}"},"query-input":{"@type":"PropertyValueSpecification","valueRequired":true,"valueName":"search_term_string"}}],"inLanguage":"de"},{"@type":"Organization","@id":"https:\/\/scoutmallorca.com\/de\/#organization","name":"Scout Mallorca","url":"https:\/\/scoutmallorca.com\/de\/","logo":{"@type":"ImageObject","inLanguage":"de","@id":"https:\/\/scoutmallorca.com\/de\/#\/schema\/logo\/image\/","url":"https:\/\/scoutmallorca.com\/wp-content\/uploads\/2020\/09\/cropped-LOGO-BACKGROUND.png","contentUrl":"https:\/\/scoutmallorca.com\/wp-content\/uploads\/2020\/09\/cropped-LOGO-BACKGROUND.png","width":2337,"height":1247,"caption":"Scout Mallorca"},"image":{"@id":"https:\/\/scoutmallorca.com\/de\/#\/schema\/logo\/image\/"}}]}},"_links":{"self":[{"href":"https:\/\/scoutmallorca.com\/de\/wp-json\/wp\/v2\/properties\/50098","targetHints":{"allow":["GET"]}}],"collection":[{"href":"https:\/\/scoutmallorca.com\/de\/wp-json\/wp\/v2\/properties"}],"about":[{"href":"https:\/\/scoutmallorca.com\/de\/wp-json\/wp\/v2\/types\/properties"}],"wp:attachment":[{"href":"https:\/\/scoutmallorca.com\/de\/wp-json\/wp\/v2\/media?parent=50098"}],"wp:term":[{"taxonomy":"property-filters","embeddable":true,"href":"https:\/\/scoutmallorca.com\/de\/wp-json\/wp\/v2\/property-filters?post=50098"},{"taxonomy":"property-type","embeddable":true,"href":"https:\/\/scoutmallorca.com\/de\/wp-json\/wp\/v2\/property-type?post=50098"}],"curies":[{"name":"wp","href":"https:\/\/api.w.org\/{rel}","templated":true}]}}