{"version":"1.0","provider_name":"Scout Mallorca","provider_url":"https:\/\/scoutmallorca.com\/de\/","author_name":"Felipe","author_url":"https:\/\/scoutmallorca.com\/de\/author\/felipe\/","title":"Exklusive Finca in Son Dan\u00fas mit Baugenehmigung - Scout Mallorca","type":"rich","width":600,"height":338,"html":"<blockquote class=\"wp-embedded-content\" data-secret=\"i5JX1lCrql\"><a href=\"https:\/\/scoutmallorca.com\/de\/properties\/exklusive-finca-in-son-danus-mit-baugenehmigung\/\">Exklusive Finca in Son Dan\u00fas mit Baugenehmigung<\/a><\/blockquote><iframe sandbox=\"allow-scripts\" security=\"restricted\" src=\"https:\/\/scoutmallorca.com\/de\/properties\/exklusive-finca-in-son-danus-mit-baugenehmigung\/embed\/#?secret=i5JX1lCrql\" width=\"600\" height=\"338\" title=\"&#8222;Exklusive Finca in Son Dan\u00fas mit Baugenehmigung&#8220; &#8211; Scout Mallorca\" data-secret=\"i5JX1lCrql\" frameborder=\"0\" marginwidth=\"0\" marginheight=\"0\" scrolling=\"no\" class=\"wp-embedded-content\"><\/iframe><script>\n\/*! This file is auto-generated *\/\n!function(d,l){\"use strict\";l.querySelector&&d.addEventListener&&\"undefined\"!=typeof URL&&(d.wp=d.wp||{},d.wp.receiveEmbedMessage||(d.wp.receiveEmbedMessage=function(e){var t=e.data;if((t||t.secret||t.message||t.value)&&!\/[^a-zA-Z0-9]\/.test(t.secret)){for(var s,r,n,a=l.querySelectorAll('iframe[data-secret=\"'+t.secret+'\"]'),o=l.querySelectorAll('blockquote[data-secret=\"'+t.secret+'\"]'),c=new RegExp(\"^https?:$\",\"i\"),i=0;i<o.length;i++)o[i].style.display=\"none\";for(i=0;i<a.length;i++)s=a[i],e.source===s.contentWindow&&(s.removeAttribute(\"style\"),\"height\"===t.message?(1e3<(r=parseInt(t.value,10))?r=1e3:~~r<200&&(r=200),s.height=r):\"link\"===t.message&&(r=new URL(s.getAttribute(\"src\")),n=new URL(t.value),c.test(n.protocol))&&n.host===r.host&&l.activeElement===s&&(d.top.location.href=t.value))}},d.addEventListener(\"message\",d.wp.receiveEmbedMessage,!1),l.addEventListener(\"DOMContentLoaded\",function(){for(var e,t,s=l.querySelectorAll(\"iframe.wp-embedded-content\"),r=0;r<s.length;r++)(t=(e=s[r]).getAttribute(\"data-secret\"))||(t=Math.random().toString(36).substring(2,12),e.src+=\"#?secret=\"+t,e.setAttribute(\"data-secret\",t)),e.contentWindow.postMessage({message:\"ready\",secret:t},\"*\")},!1)))}(window,document);\n\/\/# sourceURL=https:\/\/scoutmallorca.com\/wp-includes\/js\/wp-embed.min.js\n<\/script>\n","description":"Gro\u00dfz\u00fcgiges Grundst\u00fcck mit genehmigtem Bauprojekt im S\u00fcdosten MallorcasEine seltene Gelegenheit, auf einem der derzeit gr\u00f6\u00dften verf\u00fcgbaren Grundst\u00fccke im Raum Santany\u00ed ein au\u00dfergew\u00f6hnliches privates Landanwesen zu realisieren. In der ruhigen und abgeschiedenen Landschaft von Son Dan\u00fas bei Santany\u00ed erstreckt sich dieses beeindruckende Anwesen \u00fcber 75.235,36 m\u00b2 gem\u00e4\u00df topografischer Vermessung. Die au\u00dfergew\u00f6hnliche Grundst\u00fccksgr\u00f6\u00dfe, die naturnahe Umgebung und [&hellip;]"}